{"id":27100,"date":"2021-06-01T11:41:16","date_gmt":"2021-06-01T14:41:16","guid":{"rendered":"http:\/\/www.grandelojadoparana.org.br\/english\/?page_id=27100"},"modified":"2021-06-10T11:56:12","modified_gmt":"2021-06-10T14:56:12","slug":"en-administracao","status":"publish","type":"page","link":"https:\/\/www.grandelojadoparana.org.br\/english\/en-administracao\/","title":{"rendered":"EN ADMINISTRA\u00c7\u00c3O"},"content":{"rendered":"<p>[vc_row][vc_column]<div class=\"clearboth\"><\/div><div class=\"gem-divider \" style=\"margin-top: -60px;\"><\/div>[vc_column_text css_animation=&#8221;bottom-to-top&#8221;]<\/p>\n<div class=\"title-h5\" style=\"text-align: center; margin-bottom: 27px;\"><span class=\"light\">meet here the<\/span><\/div>\n<p>[\/vc_column_text][vc_column_text css_animation=&#8221;bottom-to-top&#8221;]<\/p>\n<div class=\"title-h2\" style=\"text-align: center; margin-bottom: 27px;\">\n<div class=\"title-h2\" style=\"text-align: center; margin-bottom: 27px;\">glp administration<\/div>\n<div style=\"width: 55px; height: 3px; background: #e7272d; text-indent: 9999px; margin: auto;\"><\/div>\n<\/div>\n<p>[\/vc_column_text]<div class=\"clearboth\"><\/div><div class=\"gem-divider \" style=\"margin-top: 60px;\"><\/div><div class=\"gem-team row inline-row gem-team-style-6\">\n<div class=\"col-sm-6 col-xs-12 inline-column\"> <div id=\"post-27110\" class=\"team-person default-background post-27110 thegem_team_person type-thegem_team_person status-publish has-post-thumbnail\" style=\" \"><div class=\"team-person-hover\"> <div class=\"team-person-box clearfix\"> <div class=\"team-person-box-left\"><div class=\"team-person-image\"><img decoding=\"async\" width=\"80\" height=\"80\" src=\"https:\/\/www.grandelojadoparana.org.br\/english\/wp-content\/uploads\/2021\/01\/Grao-Mestre-Irmao-Marco-Antonio-Correa-de-Sa.-thegem-person-80.png\" class=\"img-responsive wp-post-image\" alt=\"foto serenissimo gr\u00e3o mestre - Marco Antonio\" srcset=\"https:\/\/www.grandelojadoparana.org.br\/english\/wp-content\/uploads\/2021\/01\/Grao-Mestre-Irmao-Marco-Antonio-Correa-de-Sa.-thegem-person.png 2x\" sizes=\"100vw\" \/><\/div><\/div> <div class=\"team-person-box-right\"> <div class=\"team-person-info\"> <div class=\"team-person-name styled-subtitle\" >Marco Ant\u00f4nio Corr\u00eaa de S\u00e1<\/div> <div class=\"team-person-position date-color\" >Grand Master<\/div> <\/div> <\/div> <\/div> <\/div><\/div>\n<\/div> <div class=\"col-sm-6 col-xs-12 inline-column\"> <div id=\"post-27207\" class=\"team-person default-background post-27207 thegem_team_person type-thegem_team_person status-publish has-post-thumbnail\" style=\" \"><div class=\"team-person-hover\"> <div class=\"team-person-box clearfix\"> <div class=\"team-person-box-left\"><div class=\"team-person-image\"><img decoding=\"async\" width=\"80\" height=\"80\" src=\"https:\/\/www.grandelojadoparana.org.br\/english\/wp-content\/uploads\/2021\/06\/Prancheta-1-1-thegem-person-80-thegem-person-80.png\" class=\"img-responsive wp-post-image\" alt=\"Prancheta-1-1-thegem-person-80\" srcset=\"https:\/\/www.grandelojadoparana.org.br\/english\/wp-content\/uploads\/2021\/06\/Prancheta-1-1-thegem-person-80.png 2x\" sizes=\"100vw\" \/><\/div><\/div> <div class=\"team-person-box-right\"> <div class=\"team-person-info\"> <div class=\"team-person-name styled-subtitle\" >Jos\u00e9 de Faria<\/div> <div class=\"team-person-position date-color\" >Deputy Grand Master<\/div> <\/div> <\/div> <\/div> <\/div><\/div>\n<\/div> <div class=\"col-sm-6 col-xs-12 inline-column\"> <div id=\"post-27209\" class=\"team-person default-background post-27209 thegem_team_person type-thegem_team_person status-publish has-post-thumbnail\" style=\" \"><div class=\"team-person-hover\"> <div class=\"team-person-box clearfix\"> <div class=\"team-person-box-left\"><div class=\"team-person-image\"><img decoding=\"async\" width=\"80\" height=\"80\" src=\"https:\/\/www.grandelojadoparana.org.br\/english\/wp-content\/uploads\/2021\/06\/valdemar-thegem-person-80.png\" class=\"img-responsive wp-post-image\" alt=\"valdemar\" srcset=\"https:\/\/www.grandelojadoparana.org.br\/english\/wp-content\/uploads\/2021\/06\/valdemar.png 2x\" sizes=\"100vw\" \/><\/div><\/div> <div class=\"team-person-box-right\"> <div class=\"team-person-info\"> <div class=\"team-person-name styled-subtitle\" >Valdemar Kretschmer<\/div> <div class=\"team-person-position date-color\" >Past Grand Master<\/div> <\/div> <\/div> <\/div> <\/div><\/div>\n<\/div> <div class=\"col-sm-6 col-xs-12 inline-column\"> <div id=\"post-27213\" class=\"team-person default-background post-27213 thegem_team_person type-thegem_team_person status-publish has-post-thumbnail\" style=\" \"><div class=\"team-person-hover\"> <div class=\"team-person-box clearfix\"> <div class=\"team-person-box-left\"><div class=\"team-person-image\"><img decoding=\"async\" width=\"80\" height=\"80\" src=\"https:\/\/www.grandelojadoparana.org.br\/english\/wp-content\/uploads\/2021\/06\/joao-carlos-thegem-person-80.png\" class=\"img-responsive wp-post-image\" alt=\"joao carlos\" srcset=\"https:\/\/www.grandelojadoparana.org.br\/english\/wp-content\/uploads\/2021\/06\/joao-carlos.png 2x\" sizes=\"100vw\" \/><\/div><\/div> <div class=\"team-person-box-right\"> <div class=\"team-person-info\"> <div class=\"team-person-name styled-subtitle\" >Jo\u00e3o Carlos Silveira - P G M<\/div> <div class=\"team-person-position date-color\" >Past Grand Master<\/div> <\/div> <\/div> <\/div> <\/div><\/div>\n<\/div> <div class=\"col-sm-6 col-xs-12 inline-column\"> <div id=\"post-27215\" class=\"team-person default-background post-27215 thegem_team_person type-thegem_team_person status-publish has-post-thumbnail\" style=\" \"><div class=\"team-person-hover\"> <div class=\"team-person-box clearfix\"> <div class=\"team-person-box-left\"><div class=\"team-person-image\"><img decoding=\"async\" width=\"80\" height=\"80\" src=\"https:\/\/www.grandelojadoparana.org.br\/english\/wp-content\/uploads\/2021\/06\/Euclides-Felipe-thegem-person-80.png\" class=\"img-responsive wp-post-image\" alt=\"Euclides-Felipe\" srcset=\"https:\/\/www.grandelojadoparana.org.br\/english\/wp-content\/uploads\/2021\/06\/Euclides-Felipe.png 2x\" sizes=\"100vw\" \/><\/div><\/div> <div class=\"team-person-box-right\"> <div class=\"team-person-info\"> <div class=\"team-person-name styled-subtitle\" >Euclides Felipe<\/div> <div class=\"team-person-position date-color\" >Past Deputy Grand Master<\/div> <\/div> <\/div> <\/div> <\/div><\/div>\n<\/div> <div class=\"col-sm-6 col-xs-12 inline-column\"> <div id=\"post-27217\" class=\"team-person default-background post-27217 thegem_team_person type-thegem_team_person status-publish has-post-thumbnail\" style=\" \"><div class=\"team-person-hover\"> <div class=\"team-person-box clearfix\"> <div class=\"team-person-box-left\"><div class=\"team-person-image\"><img decoding=\"async\" width=\"80\" height=\"80\" src=\"https:\/\/www.grandelojadoparana.org.br\/english\/wp-content\/uploads\/2021\/06\/Jose-Fernando-de-Paula--thegem-person-80.png\" class=\"img-responsive wp-post-image\" alt=\"Jose-Fernando-de-Paula-\" srcset=\"https:\/\/www.grandelojadoparana.org.br\/english\/wp-content\/uploads\/2021\/06\/Jose-Fernando-de-Paula-.png 2x\" sizes=\"100vw\" \/><\/div><\/div> <div class=\"team-person-box-right\"> <div class=\"team-person-info\"> <div class=\"team-person-name styled-subtitle\" >Jos\u00e9 Fernando de Paula<\/div> <div class=\"team-person-position date-color\" >Past Deputy Grand Master<\/div> <\/div> <\/div> <\/div> <\/div><\/div>\n<\/div> <div class=\"col-sm-6 col-xs-12 inline-column\"> <div id=\"post-27219\" class=\"team-person default-background post-27219 thegem_team_person type-thegem_team_person status-publish has-post-thumbnail\" style=\" \"><div class=\"team-person-hover\"> <div class=\"team-person-box clearfix\"> <div class=\"team-person-box-left\"><div class=\"team-person-image\"><img decoding=\"async\" width=\"80\" height=\"80\" src=\"https:\/\/www.grandelojadoparana.org.br\/english\/wp-content\/uploads\/2021\/06\/Ney-Lisboa-de-Miranda-thegem-person-80.png\" class=\"img-responsive wp-post-image\" alt=\"Ney-Lisboa-de-Miranda\" srcset=\"https:\/\/www.grandelojadoparana.org.br\/english\/wp-content\/uploads\/2021\/06\/Ney-Lisboa-de-Miranda.png 2x\" sizes=\"100vw\" \/><\/div><\/div> <div class=\"team-person-box-right\"> <div class=\"team-person-info\"> <div class=\"team-person-name styled-subtitle\" >Ney Lisboa de Miranda<\/div> <div class=\"team-person-position date-color\" >Past Deputy Grand Master<\/div> <\/div> <\/div> <\/div> <\/div><\/div>\n<\/div> <div class=\"col-sm-6 col-xs-12 inline-column\"> <div id=\"post-27221\" class=\"team-person default-background post-27221 thegem_team_person type-thegem_team_person status-publish has-post-thumbnail\" style=\" \"><div class=\"team-person-hover\"> <div class=\"team-person-box clearfix\"> <div class=\"team-person-box-left\"><div class=\"team-person-image\"><img decoding=\"async\" width=\"80\" height=\"80\" src=\"https:\/\/www.grandelojadoparana.org.br\/english\/wp-content\/uploads\/2021\/06\/Glaucio-Antonio-Pereira-thegem-person-80.png\" class=\"img-responsive wp-post-image\" alt=\"Glaucio-Antonio-Pereira\" srcset=\"https:\/\/www.grandelojadoparana.org.br\/english\/wp-content\/uploads\/2021\/06\/Glaucio-Antonio-Pereira.png 2x\" sizes=\"100vw\" \/><\/div><\/div> <div class=\"team-person-box-right\"> <div class=\"team-person-info\"> <div class=\"team-person-name styled-subtitle\" >Glaucio Antonio Pereira<\/div> <div class=\"team-person-position date-color\" >Grand Orator<\/div> <\/div> <\/div> <\/div> <\/div><\/div>\n<\/div> <div class=\"col-sm-6 col-xs-12 inline-column\"> <div id=\"post-27223\" class=\"team-person default-background post-27223 thegem_team_person type-thegem_team_person status-publish has-post-thumbnail\" style=\" \"><div class=\"team-person-hover\"> <div class=\"team-person-box clearfix\"> <div class=\"team-person-box-left\"><div class=\"team-person-image\"><img decoding=\"async\" width=\"80\" height=\"80\" src=\"https:\/\/www.grandelojadoparana.org.br\/english\/wp-content\/uploads\/2021\/06\/Fernando-Sergio-Lopes-thegem-person-80.png\" class=\"img-responsive wp-post-image\" alt=\"Fernando-Sergio-Lopes\" srcset=\"https:\/\/www.grandelojadoparana.org.br\/english\/wp-content\/uploads\/2021\/06\/Fernando-Sergio-Lopes.png 2x\" sizes=\"100vw\" \/><\/div><\/div> <div class=\"team-person-box-right\"> <div class=\"team-person-info\"> <div class=\"team-person-name styled-subtitle\" >Fernando S\u00e9rgio Lopes<\/div> <div class=\"team-person-position date-color\" >Assistant Grand Orator<\/div> <\/div> <\/div> <\/div> <\/div><\/div>\n<\/div> <div class=\"col-sm-6 col-xs-12 inline-column\"> <div id=\"post-27225\" class=\"team-person default-background post-27225 thegem_team_person type-thegem_team_person status-publish has-post-thumbnail\" style=\" \"><div class=\"team-person-hover\"> <div class=\"team-person-box clearfix\"> <div class=\"team-person-box-left\"><div class=\"team-person-image\"><img decoding=\"async\" width=\"80\" height=\"80\" src=\"https:\/\/www.grandelojadoparana.org.br\/english\/wp-content\/uploads\/2021\/06\/Roberto-Aparecido-Piekarczyk-thegem-person-80.png\" class=\"img-responsive wp-post-image\" alt=\"Roberto-Aparecido-Piekarczyk\" srcset=\"https:\/\/www.grandelojadoparana.org.br\/english\/wp-content\/uploads\/2021\/06\/Roberto-Aparecido-Piekarczyk.png 2x\" sizes=\"100vw\" \/><\/div><\/div> <div class=\"team-person-box-right\"> <div class=\"team-person-info\"> <div class=\"team-person-name styled-subtitle\" >Roberto Aparecido Piekarczyk<\/div> <div class=\"team-person-position date-color\" >Rob Grand Secretary of Internal Relations<\/div> <\/div> <\/div> <\/div> <\/div><\/div>\n<\/div> <div class=\"col-sm-6 col-xs-12 inline-column\"> <div id=\"post-27227\" class=\"team-person default-background post-27227 thegem_team_person type-thegem_team_person status-publish has-post-thumbnail\" style=\" \"><div class=\"team-person-hover\"> <div class=\"team-person-box clearfix\"> <div class=\"team-person-box-left\"><div class=\"team-person-image\"><img decoding=\"async\" width=\"80\" height=\"80\" src=\"https:\/\/www.grandelojadoparana.org.br\/english\/wp-content\/uploads\/2021\/06\/Nilson-de-Paula-Xavier-Marchioro-thegem-person-80.png\" class=\"img-responsive wp-post-image\" alt=\"Nilson-de-Paula-Xavier-Marchioro\" srcset=\"https:\/\/www.grandelojadoparana.org.br\/english\/wp-content\/uploads\/2021\/06\/Nilson-de-Paula-Xavier-Marchioro.png 2x\" sizes=\"100vw\" \/><\/div><\/div> <div class=\"team-person-box-right\"> <div class=\"team-person-info\"> <div class=\"team-person-name styled-subtitle\" >Nilson de Paula Xavier Marchioro<\/div> <div class=\"team-person-position date-color\" >Grand Secretary of Foreign Relations<\/div> <\/div> <\/div> <\/div> <\/div><\/div>\n<\/div> <div class=\"col-sm-6 col-xs-12 inline-column\"> <div id=\"post-27229\" class=\"team-person default-background post-27229 thegem_team_person type-thegem_team_person status-publish has-post-thumbnail\" style=\" \"><div class=\"team-person-hover\"> <div class=\"team-person-box clearfix\"> <div class=\"team-person-box-left\"><div class=\"team-person-image\"><img decoding=\"async\" width=\"80\" height=\"80\" src=\"https:\/\/www.grandelojadoparana.org.br\/english\/wp-content\/uploads\/2021\/06\/Gilvan-Manhaes-de-Souza-thegem-person-80.png\" class=\"img-responsive wp-post-image\" alt=\"Gilvan-Manhaes-de-Souza\" srcset=\"https:\/\/www.grandelojadoparana.org.br\/english\/wp-content\/uploads\/2021\/06\/Gilvan-Manhaes-de-Souza.png 2x\" sizes=\"100vw\" \/><\/div><\/div> <div class=\"team-person-box-right\"> <div class=\"team-person-info\"> <div class=\"team-person-name styled-subtitle\" >Gilvan Manhaes de Souza<\/div> <div class=\"team-person-position date-color\" >Assistant Grand Secretary of Foreign Relations<\/div> <\/div> <\/div> <\/div> <\/div><\/div>\n<\/div> <div class=\"col-sm-6 col-xs-12 inline-column\"> <div id=\"post-27231\" class=\"team-person default-background post-27231 thegem_team_person type-thegem_team_person status-publish has-post-thumbnail\" style=\" \"><div class=\"team-person-hover\"> <div class=\"team-person-box clearfix\"> <div class=\"team-person-box-left\"><div class=\"team-person-image\"><img decoding=\"async\" width=\"80\" height=\"80\" src=\"https:\/\/www.grandelojadoparana.org.br\/english\/wp-content\/uploads\/2021\/06\/Luiz-Olivio-Bortolli-thegem-person-80.png\" class=\"img-responsive wp-post-image\" alt=\"Luiz-Olivio-Bortolli\" srcset=\"https:\/\/www.grandelojadoparana.org.br\/english\/wp-content\/uploads\/2021\/06\/Luiz-Olivio-Bortolli.png 2x\" sizes=\"100vw\" \/><\/div><\/div> <div class=\"team-person-box-right\"> <div class=\"team-person-info\"> <div class=\"team-person-name styled-subtitle\" >Luiz Olivio Bortolli<\/div> <div class=\"team-person-position date-color\" >Assistant Grand Secretary of Foreign Relations<\/div> <\/div> <\/div> <\/div> <\/div><\/div>\n<\/div> <div class=\"col-sm-6 col-xs-12 inline-column\"> <div id=\"post-27233\" class=\"team-person default-background post-27233 thegem_team_person type-thegem_team_person status-publish has-post-thumbnail\" style=\" \"><div class=\"team-person-hover\"> <div class=\"team-person-box clearfix\"> <div class=\"team-person-box-left\"><div class=\"team-person-image\"><img decoding=\"async\" width=\"80\" height=\"80\" src=\"https:\/\/www.grandelojadoparana.org.br\/english\/wp-content\/uploads\/2021\/06\/Wilson-Geraldo-Cavina--thegem-person-80.png\" class=\"img-responsive wp-post-image\" alt=\"Wilson-Geraldo-Cavina-\" srcset=\"https:\/\/www.grandelojadoparana.org.br\/english\/wp-content\/uploads\/2021\/06\/Wilson-Geraldo-Cavina-.png 2x\" sizes=\"100vw\" \/><\/div><\/div> <div class=\"team-person-box-right\"> <div class=\"team-person-info\"> <div class=\"team-person-name styled-subtitle\" >Wilson Geraldo Cavina<\/div> <div class=\"team-person-position date-color\" >Assistant Grand Secretary of Foreign Relations<\/div> <\/div> <\/div> <\/div> <\/div><\/div>\n<\/div> <div class=\"col-sm-6 col-xs-12 inline-column\"> <div id=\"post-27235\" class=\"team-person default-background post-27235 thegem_team_person type-thegem_team_person status-publish has-post-thumbnail\" style=\" \"><div class=\"team-person-hover\"> <div class=\"team-person-box clearfix\"> <div class=\"team-person-box-left\"><div class=\"team-person-image\"><img decoding=\"async\" width=\"80\" height=\"80\" src=\"https:\/\/www.grandelojadoparana.org.br\/english\/wp-content\/uploads\/2021\/06\/Antonio-Pedro-dos-Santos-thegem-person-80.png\" class=\"img-responsive wp-post-image\" alt=\"Antonio-Pedro-dos-Santos\" srcset=\"https:\/\/www.grandelojadoparana.org.br\/english\/wp-content\/uploads\/2021\/06\/Antonio-Pedro-dos-Santos.png 2x\" sizes=\"100vw\" \/><\/div><\/div> <div class=\"team-person-box-right\"> <div class=\"team-person-info\"> <div class=\"team-person-name styled-subtitle\" >Antonio Pedro dos Santos<\/div> <div class=\"team-person-position date-color\" >Grand Secretary of Planning and Management<\/div> <\/div> <\/div> <\/div> <\/div><\/div>\n<\/div> <div class=\"col-sm-6 col-xs-12 inline-column\"> <div id=\"post-27237\" class=\"team-person default-background post-27237 thegem_team_person type-thegem_team_person status-publish has-post-thumbnail\" style=\" \"><div class=\"team-person-hover\"> <div class=\"team-person-box clearfix\"> <div class=\"team-person-box-left\"><div class=\"team-person-image\"><img decoding=\"async\" width=\"80\" height=\"80\" src=\"https:\/\/www.grandelojadoparana.org.br\/english\/wp-content\/uploads\/2021\/06\/Paulo-Sergio-Ivanoski--thegem-person-80.png\" class=\"img-responsive wp-post-image\" alt=\"Paulo-Sergio-Ivanoski-\" srcset=\"https:\/\/www.grandelojadoparana.org.br\/english\/wp-content\/uploads\/2021\/06\/Paulo-Sergio-Ivanoski-.png 2x\" sizes=\"100vw\" \/><\/div><\/div> <div class=\"team-person-box-right\"> <div class=\"team-person-info\"> <div class=\"team-person-name styled-subtitle\" >Paulo Sergio Ivanoski<\/div> <div class=\"team-person-position date-color\" >Grand Secretary of Patrimony<\/div> <\/div> <\/div> <\/div> <\/div><\/div>\n<\/div> <div class=\"col-sm-6 col-xs-12 inline-column\"> <div id=\"post-27239\" class=\"team-person default-background post-27239 thegem_team_person type-thegem_team_person status-publish has-post-thumbnail\" style=\" \"><div class=\"team-person-hover\"> <div class=\"team-person-box clearfix\"> <div class=\"team-person-box-left\"><div class=\"team-person-image\"><img decoding=\"async\" width=\"80\" height=\"80\" src=\"https:\/\/www.grandelojadoparana.org.br\/english\/wp-content\/uploads\/2021\/06\/Saint\u00b4-Clair-Cesar-Rabello-thegem-person-80.png\" class=\"img-responsive wp-post-image\" alt=\"Saint\u00b4-Clair-Cesar-Rabello\" srcset=\"https:\/\/www.grandelojadoparana.org.br\/english\/wp-content\/uploads\/2021\/06\/Saint\u00b4-Clair-Cesar-Rabello.png 2x\" sizes=\"100vw\" \/><\/div><\/div> <div class=\"team-person-box-right\"> <div class=\"team-person-info\"> <div class=\"team-person-name styled-subtitle\" >Saint\u00b4 Clair Cesar Rabello<\/div> <div class=\"team-person-position date-color\" >Assistant Grand Secretary of Patrimony<\/div> <\/div> <\/div> <\/div> <\/div><\/div>\n<\/div> <div class=\"col-sm-6 col-xs-12 inline-column\"> <div id=\"post-27241\" class=\"team-person default-background post-27241 thegem_team_person type-thegem_team_person status-publish has-post-thumbnail\" style=\" \"><div class=\"team-person-hover\"> <div class=\"team-person-box clearfix\"> <div class=\"team-person-box-left\"><div class=\"team-person-image\"><img decoding=\"async\" width=\"80\" height=\"80\" src=\"https:\/\/www.grandelojadoparana.org.br\/english\/wp-content\/uploads\/2021\/06\/Jean-Dal-Maso-Costi--thegem-person-80.png\" class=\"img-responsive wp-post-image\" alt=\"Jean-Dal-Maso-Costi-\" srcset=\"https:\/\/www.grandelojadoparana.org.br\/english\/wp-content\/uploads\/2021\/06\/Jean-Dal-Maso-Costi-.png 2x\" sizes=\"100vw\" \/><\/div><\/div> <div class=\"team-person-box-right\"> <div class=\"team-person-info\"> <div class=\"team-person-name styled-subtitle\" >Jean Dal Maso Costi<\/div> <div class=\"team-person-position date-color\" >Grand Secretary for Social Action<\/div> <\/div> <\/div> <\/div> <\/div><\/div>\n<\/div> <div class=\"col-sm-6 col-xs-12 inline-column\"> <div id=\"post-27243\" class=\"team-person default-background post-27243 thegem_team_person type-thegem_team_person status-publish has-post-thumbnail\" style=\" \"><div class=\"team-person-hover\"> <div class=\"team-person-box clearfix\"> <div class=\"team-person-box-left\"><div class=\"team-person-image\"><img decoding=\"async\" width=\"80\" height=\"80\" src=\"https:\/\/www.grandelojadoparana.org.br\/english\/wp-content\/uploads\/2021\/06\/Ivan-Alves-Rodrigues-thegem-person-80.png\" class=\"img-responsive wp-post-image\" alt=\"Ivan-Alves-Rodrigues\" srcset=\"https:\/\/www.grandelojadoparana.org.br\/english\/wp-content\/uploads\/2021\/06\/Ivan-Alves-Rodrigues.png 2x\" sizes=\"100vw\" \/><\/div><\/div> <div class=\"team-person-box-right\"> <div class=\"team-person-info\"> <div class=\"team-person-name styled-subtitle\" >Ivan Alves Rodrigues<\/div> <div class=\"team-person-position date-color\" >Assistant Grand Secretary of Institutional Communication<\/div> <\/div> <\/div> <\/div> <\/div><\/div>\n<\/div> <div class=\"col-sm-6 col-xs-12 inline-column\"> <div id=\"post-27245\" class=\"team-person default-background post-27245 thegem_team_person type-thegem_team_person status-publish has-post-thumbnail\" style=\" \"><div class=\"team-person-hover\"> <div class=\"team-person-box clearfix\"> <div class=\"team-person-box-left\"><div class=\"team-person-image\"><img decoding=\"async\" width=\"80\" height=\"80\" src=\"https:\/\/www.grandelojadoparana.org.br\/english\/wp-content\/uploads\/2021\/06\/Edelson-Galvao-da-Silva-thegem-person-80.png\" class=\"img-responsive wp-post-image\" alt=\"Edelson-Galvao-da-Silva\" srcset=\"https:\/\/www.grandelojadoparana.org.br\/english\/wp-content\/uploads\/2021\/06\/Edelson-Galvao-da-Silva.png 2x\" sizes=\"100vw\" \/><\/div><\/div> <div class=\"team-person-box-right\"> <div class=\"team-person-info\"> <div class=\"team-person-name styled-subtitle\" >Edelson Galv\u00e3o da Silva<\/div> <div class=\"team-person-position date-color\" >Grand Secretary for Institutional Relations<\/div> <\/div> <\/div> <\/div> <\/div><\/div>\n<\/div> <div class=\"col-sm-6 col-xs-12 inline-column\"> <div id=\"post-27247\" class=\"team-person default-background post-27247 thegem_team_person type-thegem_team_person status-publish has-post-thumbnail\" style=\" \"><div class=\"team-person-hover\"> <div class=\"team-person-box clearfix\"> <div class=\"team-person-box-left\"><div class=\"team-person-image\"><img decoding=\"async\" width=\"80\" height=\"80\" src=\"https:\/\/www.grandelojadoparana.org.br\/english\/wp-content\/uploads\/2021\/06\/Jose-Aderlei-de-Souza--thegem-person-80.png\" class=\"img-responsive wp-post-image\" alt=\"Jose-Aderlei-de-Souza-\" srcset=\"https:\/\/www.grandelojadoparana.org.br\/english\/wp-content\/uploads\/2021\/06\/Jose-Aderlei-de-Souza-.png 2x\" sizes=\"100vw\" \/><\/div><\/div> <div class=\"team-person-box-right\"> <div class=\"team-person-info\"> <div class=\"team-person-name styled-subtitle\" >Jos\u00e9 Aderlei de Souza<\/div> <div class=\"team-person-position date-color\" >Grand Treasurer<\/div> <\/div> <\/div> <\/div> <\/div><\/div>\n<\/div> <div class=\"col-sm-6 col-xs-12 inline-column\"> <div id=\"post-27249\" class=\"team-person default-background post-27249 thegem_team_person type-thegem_team_person status-publish has-post-thumbnail\" style=\" \"><div class=\"team-person-hover\"> <div class=\"team-person-box clearfix\"> <div class=\"team-person-box-left\"><div class=\"team-person-image\"><img decoding=\"async\" width=\"80\" height=\"80\" src=\"https:\/\/www.grandelojadoparana.org.br\/english\/wp-content\/uploads\/2021\/06\/Rubens-Vieira--thegem-person-80.png\" class=\"img-responsive wp-post-image\" alt=\"Rubens-Vieira-\" srcset=\"https:\/\/www.grandelojadoparana.org.br\/english\/wp-content\/uploads\/2021\/06\/Rubens-Vieira-.png 2x\" sizes=\"100vw\" \/><\/div><\/div> <div class=\"team-person-box-right\"> <div class=\"team-person-info\"> <div class=\"team-person-name styled-subtitle\" >Rubens Vieira<\/div> <div class=\"team-person-position date-color\" >Assistant Grand Treasurer<\/div> <\/div> <\/div> <\/div> <\/div><\/div>\n<\/div> <div class=\"col-sm-6 col-xs-12 inline-column\"> <div id=\"post-27251\" class=\"team-person default-background post-27251 thegem_team_person type-thegem_team_person status-publish has-post-thumbnail\" style=\" \"><div class=\"team-person-hover\"> <div class=\"team-person-box clearfix\"> <div class=\"team-person-box-left\"><div class=\"team-person-image\"><img decoding=\"async\" width=\"80\" height=\"80\" src=\"https:\/\/www.grandelojadoparana.org.br\/english\/wp-content\/uploads\/2021\/06\/Jose-de-Jesus-Goncalves--thegem-person-80.png\" class=\"img-responsive wp-post-image\" alt=\"Jose-de-Jesus-Goncalves-\" srcset=\"https:\/\/www.grandelojadoparana.org.br\/english\/wp-content\/uploads\/2021\/06\/Jose-de-Jesus-Goncalves-.png 2x\" sizes=\"100vw\" \/><\/div><\/div> <div class=\"team-person-box-right\"> <div class=\"team-person-info\"> <div class=\"team-person-name styled-subtitle\" >Jos\u00e9 de Jesus Gon\u00e7alves Bambil<\/div> <div class=\"team-person-position date-color\" >Grand Ombudsman<\/div> <\/div> <\/div> <\/div> <\/div><\/div>\n<\/div> <div class=\"col-sm-6 col-xs-12 inline-column\"> <div id=\"post-27253\" class=\"team-person default-background post-27253 thegem_team_person type-thegem_team_person status-publish has-post-thumbnail\" style=\" \"><div class=\"team-person-hover\"> <div class=\"team-person-box clearfix\"> <div class=\"team-person-box-left\"><div class=\"team-person-image\"><img decoding=\"async\" width=\"80\" height=\"80\" src=\"https:\/\/www.grandelojadoparana.org.br\/english\/wp-content\/uploads\/2021\/06\/Carlos-Aldir-Loss--thegem-person-80.png\" class=\"img-responsive wp-post-image\" alt=\"Carlos-Aldir-Loss-\" srcset=\"https:\/\/www.grandelojadoparana.org.br\/english\/wp-content\/uploads\/2021\/06\/Carlos-Aldir-Loss-.png 2x\" sizes=\"100vw\" \/><\/div><\/div> <div class=\"team-person-box-right\"> <div class=\"team-person-info\"> <div class=\"team-person-name styled-subtitle\" >Carlos Aldir Loss<\/div> <div class=\"team-person-position date-color\" >Assistant Grand Ombudsman<\/div> <\/div> <\/div> <\/div> <\/div><\/div>\n<\/div> <div class=\"col-sm-6 col-xs-12 inline-column\"> <div id=\"post-27255\" class=\"team-person default-background post-27255 thegem_team_person type-thegem_team_person status-publish has-post-thumbnail\" style=\" \"><div class=\"team-person-hover\"> <div class=\"team-person-box clearfix\"> <div class=\"team-person-box-left\"><div class=\"team-person-image\"><img decoding=\"async\" width=\"80\" height=\"80\" src=\"https:\/\/www.grandelojadoparana.org.br\/english\/wp-content\/uploads\/2021\/06\/Iraci-da-Silva-Borges-P-G-M--thegem-person-80.png\" class=\"img-responsive wp-post-image\" alt=\"Iraci-da-Silva-Borges-P-G-M-\" srcset=\"https:\/\/www.grandelojadoparana.org.br\/english\/wp-content\/uploads\/2021\/06\/Iraci-da-Silva-Borges-P-G-M-.png 2x\" sizes=\"100vw\" \/><\/div><\/div> <div class=\"team-person-box-right\"> <div class=\"team-person-info\"> <div class=\"team-person-name styled-subtitle\" >Iraci da Silva Borges - P G M<\/div> <div class=\"team-person-position date-color\" >Past Grand Master<\/div> <\/div> <\/div> <\/div> <\/div><\/div>\n<\/div> <div class=\"col-sm-6 col-xs-12 inline-column\"> <div id=\"post-27257\" class=\"team-person default-background post-27257 thegem_team_person type-thegem_team_person status-publish has-post-thumbnail\" style=\" \"><div class=\"team-person-hover\"> <div class=\"team-person-box clearfix\"> <div class=\"team-person-box-left\"><div class=\"team-person-image\"><img decoding=\"async\" width=\"80\" height=\"80\" src=\"https:\/\/www.grandelojadoparana.org.br\/english\/wp-content\/uploads\/2021\/06\/Manif-Antonio-Torres-Julio--thegem-person-80.png\" class=\"img-responsive wp-post-image\" alt=\"Manif-Antonio-Torres-Julio-\" srcset=\"https:\/\/www.grandelojadoparana.org.br\/english\/wp-content\/uploads\/2021\/06\/Manif-Antonio-Torres-Julio-.png 2x\" sizes=\"100vw\" \/><\/div><\/div> <div class=\"team-person-box-right\"> <div class=\"team-person-info\"> <div class=\"team-person-name styled-subtitle\" >Manif Antonio Torres Julio<\/div> <div class=\"team-person-position date-color\" >Special Advisor to the Grand Master<\/div> <\/div> <\/div> <\/div> <\/div><\/div>\n<\/div> <div class=\"col-sm-6 col-xs-12 inline-column\"> <div id=\"post-27259\" class=\"team-person default-background post-27259 thegem_team_person type-thegem_team_person status-publish has-post-thumbnail\" style=\" \"><div class=\"team-person-hover\"> <div class=\"team-person-box clearfix\"> <div class=\"team-person-box-left\"><div class=\"team-person-image\"><img decoding=\"async\" width=\"80\" height=\"80\" src=\"https:\/\/www.grandelojadoparana.org.br\/english\/wp-content\/uploads\/2021\/06\/Wilson-de-Oliveira--thegem-person-80.png\" class=\"img-responsive wp-post-image\" alt=\"Wilson-de-Oliveira-\" srcset=\"https:\/\/www.grandelojadoparana.org.br\/english\/wp-content\/uploads\/2021\/06\/Wilson-de-Oliveira-.png 2x\" sizes=\"100vw\" \/><\/div><\/div> <div class=\"team-person-box-right\"> <div class=\"team-person-info\"> <div class=\"team-person-name styled-subtitle\" >Wilson de Oliveira<\/div> <div class=\"team-person-position date-color\" >Special Advisor to the Grand Master<\/div> <\/div> <\/div> <\/div> <\/div><\/div>\n<\/div> <div class=\"col-sm-6 col-xs-12 inline-column\"> <div id=\"post-27261\" class=\"team-person default-background post-27261 thegem_team_person type-thegem_team_person status-publish has-post-thumbnail\" style=\" \"><div class=\"team-person-hover\"> <div class=\"team-person-box clearfix\"> <div class=\"team-person-box-left\"><div class=\"team-person-image\"><img decoding=\"async\" width=\"80\" height=\"80\" src=\"https:\/\/www.grandelojadoparana.org.br\/english\/wp-content\/uploads\/2021\/06\/Joao-Donizeti-Garcia--thegem-person-80.png\" class=\"img-responsive wp-post-image\" alt=\"Joao-Donizeti-Garcia-\" srcset=\"https:\/\/www.grandelojadoparana.org.br\/english\/wp-content\/uploads\/2021\/06\/Joao-Donizeti-Garcia-.png 2x\" sizes=\"100vw\" \/><\/div><\/div> <div class=\"team-person-box-right\"> <div class=\"team-person-info\"> <div class=\"team-person-name styled-subtitle\" >Jo\u00e3o Donizeti Garcia<\/div> <div class=\"team-person-position date-color\" >Special Advisor to the Grand Master<\/div> <\/div> <\/div> <\/div> <\/div><\/div>\n<\/div> <div class=\"col-sm-6 col-xs-12 inline-column\"> <div id=\"post-27263\" class=\"team-person default-background post-27263 thegem_team_person type-thegem_team_person status-publish has-post-thumbnail\" style=\" \"><div class=\"team-person-hover\"> <div class=\"team-person-box clearfix\"> <div class=\"team-person-box-left\"><div class=\"team-person-image\"><img decoding=\"async\" width=\"80\" height=\"80\" src=\"https:\/\/www.grandelojadoparana.org.br\/english\/wp-content\/uploads\/2021\/06\/Newton-Dan-Faoro-thegem-person-80.png\" class=\"img-responsive wp-post-image\" alt=\"Newton-Dan-Faoro\" srcset=\"https:\/\/www.grandelojadoparana.org.br\/english\/wp-content\/uploads\/2021\/06\/Newton-Dan-Faoro.png 2x\" sizes=\"100vw\" \/><\/div><\/div> <div class=\"team-person-box-right\"> <div class=\"team-person-info\"> <div class=\"team-person-name styled-subtitle\" >Newton Dan Faoro<\/div> <div class=\"team-person-position date-color\" >Information Coordinator<\/div> <\/div> <\/div> <\/div> <\/div><\/div>\n<\/div> <div class=\"col-sm-6 col-xs-12 inline-column\"> <div id=\"post-27265\" class=\"team-person default-background post-27265 thegem_team_person type-thegem_team_person status-publish has-post-thumbnail\" style=\" \"><div class=\"team-person-hover\"> <div class=\"team-person-box clearfix\"> <div class=\"team-person-box-left\"><div class=\"team-person-image\"><img decoding=\"async\" width=\"80\" height=\"80\" src=\"https:\/\/www.grandelojadoparana.org.br\/english\/wp-content\/uploads\/2021\/06\/Nilson-Teixeira-de-Lima--thegem-person-80.png\" class=\"img-responsive wp-post-image\" alt=\"Nilson-Teixeira-de-Lima-\" srcset=\"https:\/\/www.grandelojadoparana.org.br\/english\/wp-content\/uploads\/2021\/06\/Nilson-Teixeira-de-Lima-.png 2x\" sizes=\"100vw\" \/><\/div><\/div> <div class=\"team-person-box-right\"> <div class=\"team-person-info\"> <div class=\"team-person-name styled-subtitle\" >Nilson Teixeira de Lima<\/div> <div class=\"team-person-position date-color\" >Financial Administrative Consultant<\/div> <\/div> <\/div> <\/div> <\/div><\/div>\n<\/div> <div class=\"col-sm-6 col-xs-12 inline-column\"> <div id=\"post-27315\" class=\"team-person default-background post-27315 thegem_team_person type-thegem_team_person status-publish has-post-thumbnail\" style=\" \"><div class=\"team-person-hover\"> <div class=\"team-person-box clearfix\"> <div class=\"team-person-box-left\"><div class=\"team-person-image\"><img decoding=\"async\" width=\"80\" height=\"80\" src=\"https:\/\/www.grandelojadoparana.org.br\/english\/wp-content\/uploads\/2021\/06\/Iraci-da-Silva-Borges-P-G-M-1-thegem-person-80-thegem-person-80.png\" class=\"img-responsive wp-post-image\" alt=\"Iraci-da-Silva-Borges-P-G-M-1-thegem-person-80\" srcset=\"https:\/\/www.grandelojadoparana.org.br\/english\/wp-content\/uploads\/2021\/06\/Iraci-da-Silva-Borges-P-G-M-1-thegem-person-80.png 2x\" sizes=\"100vw\" \/><\/div><\/div> <div class=\"team-person-box-right\"> <div class=\"team-person-info\"> <div class=\"team-person-name styled-subtitle\" >Iraci da Silva Borges<\/div> <div class=\"team-person-position date-color\" >Special Advisor to the Grand Master<\/div> <\/div> <\/div> <\/div> <\/div><\/div>\n<\/div> <div class=\"col-sm-6 col-xs-12 inline-column\"> <div id=\"post-27317\" class=\"team-person default-background post-27317 thegem_team_person type-thegem_team_person status-publish has-post-thumbnail\" style=\" \"><div class=\"team-person-hover\"> <div class=\"team-person-box clearfix\"> <div class=\"team-person-box-left\"><div class=\"team-person-image\"><img decoding=\"async\" width=\"80\" height=\"80\" src=\"https:\/\/www.grandelojadoparana.org.br\/english\/wp-content\/uploads\/2021\/06\/ARI-CESAR-LEMOS-thegem-person-80.jpeg\" class=\"img-responsive wp-post-image\" alt=\"ARI-CESAR-LEMOS\" srcset=\"https:\/\/www.grandelojadoparana.org.br\/english\/wp-content\/uploads\/2021\/06\/ARI-CESAR-LEMOS.jpeg 2x\" sizes=\"100vw\" \/><\/div><\/div> <div class=\"team-person-box-right\"> <div class=\"team-person-info\"> <div class=\"team-person-name styled-subtitle\" >Ari Cesar Lemos<\/div> <div class=\"team-person-position date-color\" >Grand Secretary of Institutional Communication<\/div> <\/div> <\/div> <\/div> <\/div><\/div>\n<\/div>\n<\/div><div class=\"clearboth\"><\/div><div class=\"gem-divider \" style=\"margin-top: 30px;\"><\/div>[\/vc_column][\/vc_row][vc_row][vc_column][vc_column_text css_animation=&#8221;bottom-to-top&#8221;]<\/p>\n<div class=\"title-h5\" style=\"text-align: center; margin-bottom: 27px;\"><span class=\"light\">meet our<br \/>\n<\/span><\/div>\n<p>[\/vc_column_text][vc_column_text css_animation=&#8221;bottom-to-top&#8221;]<\/p>\n<div class=\"title-h2\" style=\"text-align: center; margin-bottom: 27px;\">\n<div class=\"title-h2\" style=\"text-align: center; margin-bottom: 27px;\">liturgical team<\/div>\n<div style=\"width: 55px; height: 3px; background: #e7272d; text-indent: 9999px; margin: auto;\"><\/div>\n<\/div>\n<p>[\/vc_column_text]<div class=\"clearboth\"><\/div><div class=\"gem-divider \" style=\"margin-top: 60px;\"><\/div><div class=\"gem-team row inline-row gem-team-style-6\">\n<div class=\"col-sm-6 col-xs-12 inline-column\"> <div id=\"post-27267\" class=\"team-person default-background post-27267 thegem_team_person type-thegem_team_person status-publish has-post-thumbnail\" style=\" \"><div class=\"team-person-hover\"> <div class=\"team-person-box clearfix\"> <div class=\"team-person-box-left\"><div class=\"team-person-image\"><img decoding=\"async\" width=\"80\" height=\"80\" src=\"https:\/\/www.grandelojadoparana.org.br\/english\/wp-content\/uploads\/2021\/06\/Flavio-Hermogenes-Gaspar-thegem-person-80.png\" class=\"img-responsive wp-post-image\" alt=\"Flavio-Hermogenes-Gaspar\" srcset=\"https:\/\/www.grandelojadoparana.org.br\/english\/wp-content\/uploads\/2021\/06\/Flavio-Hermogenes-Gaspar.png 2x\" sizes=\"100vw\" \/><\/div><\/div> <div class=\"team-person-box-right\"> <div class=\"team-person-info\"> <div class=\"team-person-name styled-subtitle\" >Fl\u00e1vio Herm\u00f3genes Gaspar<\/div> <div class=\"team-person-position date-color\" >Grand Senior Warden<\/div> <\/div> <\/div> <\/div> <\/div><\/div>\n<\/div> <div class=\"col-sm-6 col-xs-12 inline-column\"> <div id=\"post-27269\" class=\"team-person default-background post-27269 thegem_team_person type-thegem_team_person status-publish has-post-thumbnail\" style=\" \"><div class=\"team-person-hover\"> <div class=\"team-person-box clearfix\"> <div class=\"team-person-box-left\"><div class=\"team-person-image\"><img decoding=\"async\" width=\"80\" height=\"80\" src=\"https:\/\/www.grandelojadoparana.org.br\/english\/wp-content\/uploads\/2021\/06\/Waldemiro-Fonzar-Junior-thegem-person-80.png\" class=\"img-responsive wp-post-image\" alt=\"Waldemiro-Fonzar-Junior\" srcset=\"https:\/\/www.grandelojadoparana.org.br\/english\/wp-content\/uploads\/2021\/06\/Waldemiro-Fonzar-Junior.png 2x\" sizes=\"100vw\" \/><\/div><\/div> <div class=\"team-person-box-right\"> <div class=\"team-person-info\"> <div class=\"team-person-name styled-subtitle\" >Waldemiro Fonzar J\u00fanior<\/div> <div class=\"team-person-position date-color\" >Grand Junior Warden<\/div> <\/div> <\/div> <\/div> <\/div><\/div>\n<\/div> <div class=\"col-sm-6 col-xs-12 inline-column\"> <div id=\"post-27271\" class=\"team-person default-background post-27271 thegem_team_person type-thegem_team_person status-publish has-post-thumbnail\" style=\" \"><div class=\"team-person-hover\"> <div class=\"team-person-box clearfix\"> <div class=\"team-person-box-left\"><div class=\"team-person-image\"><img decoding=\"async\" width=\"80\" height=\"80\" src=\"https:\/\/www.grandelojadoparana.org.br\/english\/wp-content\/uploads\/2021\/06\/Jose-Carlos-de-Miranda--thegem-person-80.png\" class=\"img-responsive wp-post-image\" alt=\"Jose-Carlos-de-Miranda-\" srcset=\"https:\/\/www.grandelojadoparana.org.br\/english\/wp-content\/uploads\/2021\/06\/Jose-Carlos-de-Miranda-.png 2x\" sizes=\"100vw\" \/><\/div><\/div> <div class=\"team-person-box-right\"> <div class=\"team-person-info\"> <div class=\"team-person-name styled-subtitle\" >Jos\u00e9 Carlos de Miranda<\/div> <div class=\"team-person-position date-color\" >Grand Caring Officer (Almoner)<\/div> <\/div> <\/div> <\/div> <\/div><\/div>\n<\/div> <div class=\"col-sm-6 col-xs-12 inline-column\"> <div id=\"post-27273\" class=\"team-person default-background post-27273 thegem_team_person type-thegem_team_person status-publish has-post-thumbnail\" style=\" \"><div class=\"team-person-hover\"> <div class=\"team-person-box clearfix\"> <div class=\"team-person-box-left\"><div class=\"team-person-image\"><img decoding=\"async\" width=\"80\" height=\"80\" src=\"https:\/\/www.grandelojadoparana.org.br\/english\/wp-content\/uploads\/2021\/06\/Welington-Manuel-dos-Santos--thegem-person-80.png\" class=\"img-responsive wp-post-image\" alt=\"Welington-Manuel-dos-Santos-\" srcset=\"https:\/\/www.grandelojadoparana.org.br\/english\/wp-content\/uploads\/2021\/06\/Welington-Manuel-dos-Santos-.png 2x\" sizes=\"100vw\" \/><\/div><\/div> <div class=\"team-person-box-right\"> <div class=\"team-person-info\"> <div class=\"team-person-name styled-subtitle\" >Welington Manuel dos Santos<\/div> <div class=\"team-person-position date-color\" >Grand Master of Ceremonies<\/div> <\/div> <\/div> <\/div> <\/div><\/div>\n<\/div> <div class=\"col-sm-6 col-xs-12 inline-column\"> <div id=\"post-27275\" class=\"team-person default-background post-27275 thegem_team_person type-thegem_team_person status-publish has-post-thumbnail\" style=\" \"><div class=\"team-person-hover\"> <div class=\"team-person-box clearfix\"> <div class=\"team-person-box-left\"><div class=\"team-person-image\"><img decoding=\"async\" width=\"80\" height=\"80\" src=\"https:\/\/www.grandelojadoparana.org.br\/english\/wp-content\/uploads\/2021\/06\/Eduardo-Antonio-Antico-thegem-person-80.png\" class=\"img-responsive wp-post-image\" alt=\"Eduardo-Antonio-Antico\" srcset=\"https:\/\/www.grandelojadoparana.org.br\/english\/wp-content\/uploads\/2021\/06\/Eduardo-Antonio-Antico.png 2x\" sizes=\"100vw\" \/><\/div><\/div> <div class=\"team-person-box-right\"> <div class=\"team-person-info\"> <div class=\"team-person-name styled-subtitle\" >Eduardo Antonio Antico<\/div> <div class=\"team-person-position date-color\" >Assistant Grand Master of Ceremonies<\/div> <\/div> <\/div> <\/div> <\/div><\/div>\n<\/div> <div class=\"col-sm-6 col-xs-12 inline-column\"> <div id=\"post-27277\" class=\"team-person default-background post-27277 thegem_team_person type-thegem_team_person status-publish has-post-thumbnail\" style=\" \"><div class=\"team-person-hover\"> <div class=\"team-person-box clearfix\"> <div class=\"team-person-box-left\"><div class=\"team-person-image\"><img decoding=\"async\" width=\"80\" height=\"80\" src=\"https:\/\/www.grandelojadoparana.org.br\/english\/wp-content\/uploads\/2021\/06\/Antonio-Ronaldo-Rodrigues-Pinto-thegem-person-80.png\" class=\"img-responsive wp-post-image\" alt=\"Antonio-Ronaldo-Rodrigues-Pinto\" srcset=\"https:\/\/www.grandelojadoparana.org.br\/english\/wp-content\/uploads\/2021\/06\/Antonio-Ronaldo-Rodrigues-Pinto.png 2x\" sizes=\"100vw\" \/><\/div><\/div> <div class=\"team-person-box-right\"> <div class=\"team-person-info\"> <div class=\"team-person-name styled-subtitle\" >Antonio Ronaldo Rodrigues Pinto<\/div> <div class=\"team-person-position date-color\" >Grand Senior Deacon<\/div> <\/div> <\/div> <\/div> <\/div><\/div>\n<\/div> <div class=\"col-sm-6 col-xs-12 inline-column\"> <div id=\"post-27279\" class=\"team-person default-background post-27279 thegem_team_person type-thegem_team_person status-publish has-post-thumbnail\" style=\" \"><div class=\"team-person-hover\"> <div class=\"team-person-box clearfix\"> <div class=\"team-person-box-left\"><div class=\"team-person-image\"><img decoding=\"async\" width=\"80\" height=\"80\" src=\"https:\/\/www.grandelojadoparana.org.br\/english\/wp-content\/uploads\/2021\/06\/Luciano-Tieppo--thegem-person-80.png\" class=\"img-responsive wp-post-image\" alt=\"Luciano-Tieppo-\" srcset=\"https:\/\/www.grandelojadoparana.org.br\/english\/wp-content\/uploads\/2021\/06\/Luciano-Tieppo-.png 2x\" sizes=\"100vw\" \/><\/div><\/div> <div class=\"team-person-box-right\"> <div class=\"team-person-info\"> <div class=\"team-person-name styled-subtitle\" >Luciano Tieppo<\/div> <div class=\"team-person-position date-color\" >Grand Junior Deacon<\/div> <\/div> <\/div> <\/div> <\/div><\/div>\n<\/div> <div class=\"col-sm-6 col-xs-12 inline-column\"> <div id=\"post-27281\" class=\"team-person default-background post-27281 thegem_team_person type-thegem_team_person status-publish has-post-thumbnail\" style=\" \"><div class=\"team-person-hover\"> <div class=\"team-person-box clearfix\"> <div class=\"team-person-box-left\"><div class=\"team-person-image\"><img decoding=\"async\" width=\"80\" height=\"80\" src=\"https:\/\/www.grandelojadoparana.org.br\/english\/wp-content\/uploads\/2021\/06\/Danilo-Custodio-de-Souza--thegem-person-80.png\" class=\"img-responsive wp-post-image\" alt=\"Danilo-Custodio-de-Souza-\" srcset=\"https:\/\/www.grandelojadoparana.org.br\/english\/wp-content\/uploads\/2021\/06\/Danilo-Custodio-de-Souza-.png 2x\" sizes=\"100vw\" \/><\/div><\/div> <div class=\"team-person-box-right\"> <div class=\"team-person-info\"> <div class=\"team-person-name styled-subtitle\" >Danilo Cust\u00f3dio de Souza<\/div> <div class=\"team-person-position date-color\" >Grand Flag Carrier<\/div> <\/div> <\/div> <\/div> <\/div><\/div>\n<\/div> <div class=\"col-sm-6 col-xs-12 inline-column\"> <div id=\"post-27283\" class=\"team-person default-background post-27283 thegem_team_person type-thegem_team_person status-publish has-post-thumbnail\" style=\" \"><div class=\"team-person-hover\"> <div class=\"team-person-box clearfix\"> <div class=\"team-person-box-left\"><div class=\"team-person-image\"><img decoding=\"async\" width=\"80\" height=\"80\" src=\"https:\/\/www.grandelojadoparana.org.br\/english\/wp-content\/uploads\/2021\/06\/Celso-Alves-Prado--thegem-person-80.png\" class=\"img-responsive wp-post-image\" alt=\"Celso-Alves-Prado-\" srcset=\"https:\/\/www.grandelojadoparana.org.br\/english\/wp-content\/uploads\/2021\/06\/Celso-Alves-Prado-.png 2x\" sizes=\"100vw\" \/><\/div><\/div> <div class=\"team-person-box-right\"> <div class=\"team-person-info\"> <div class=\"team-person-name styled-subtitle\" >Celso Alves Prado<\/div> <div class=\"team-person-position date-color\" >Grand Standard Bearer<\/div> <\/div> <\/div> <\/div> <\/div><\/div>\n<\/div> <div class=\"col-sm-6 col-xs-12 inline-column\"> <div id=\"post-27285\" class=\"team-person default-background post-27285 thegem_team_person type-thegem_team_person status-publish has-post-thumbnail\" style=\" \"><div class=\"team-person-hover\"> <div class=\"team-person-box clearfix\"> <div class=\"team-person-box-left\"><div class=\"team-person-image\"><img decoding=\"async\" width=\"80\" height=\"80\" src=\"https:\/\/www.grandelojadoparana.org.br\/english\/wp-content\/uploads\/2021\/06\/Jose-Reginaldo-Vieira-thegem-person-80.png\" class=\"img-responsive wp-post-image\" alt=\"Jose-Reginaldo-Vieira\" srcset=\"https:\/\/www.grandelojadoparana.org.br\/english\/wp-content\/uploads\/2021\/06\/Jose-Reginaldo-Vieira.png 2x\" sizes=\"100vw\" \/><\/div><\/div> <div class=\"team-person-box-right\"> <div class=\"team-person-info\"> <div class=\"team-person-name styled-subtitle\" >Jos\u00e9 Reginaldo Vieira<\/div> <div class=\"team-person-position date-color\" >Grand Sword Bearer<\/div> <\/div> <\/div> <\/div> <\/div><\/div>\n<\/div> <div class=\"col-sm-6 col-xs-12 inline-column\"> <div id=\"post-27287\" class=\"team-person default-background post-27287 thegem_team_person type-thegem_team_person status-publish has-post-thumbnail\" style=\" \"><div class=\"team-person-hover\"> <div class=\"team-person-box clearfix\"> <div class=\"team-person-box-left\"><div class=\"team-person-image\"><img decoding=\"async\" width=\"80\" height=\"80\" src=\"https:\/\/www.grandelojadoparana.org.br\/english\/wp-content\/uploads\/2021\/06\/Jose-Antonio-Mileo-thegem-person-80.png\" class=\"img-responsive wp-post-image\" alt=\"Jose-Antonio-Mileo\" srcset=\"https:\/\/www.grandelojadoparana.org.br\/english\/wp-content\/uploads\/2021\/06\/Jose-Antonio-Mileo.png 2x\" sizes=\"100vw\" \/><\/div><\/div> <div class=\"team-person-box-right\"> <div class=\"team-person-info\"> <div class=\"team-person-name styled-subtitle\" >Jos\u00e9 Antonio Mil\u00e9o<\/div> <div class=\"team-person-position date-color\" >Grand Architect Decorator<\/div> <\/div> <\/div> <\/div> <\/div><\/div>\n<\/div> <div class=\"col-sm-6 col-xs-12 inline-column\"> <div id=\"post-27289\" class=\"team-person default-background post-27289 thegem_team_person type-thegem_team_person status-publish has-post-thumbnail\" style=\" \"><div class=\"team-person-hover\"> <div class=\"team-person-box clearfix\"> <div class=\"team-person-box-left\"><div class=\"team-person-image\"><img decoding=\"async\" width=\"80\" height=\"80\" src=\"https:\/\/www.grandelojadoparana.org.br\/english\/wp-content\/uploads\/2021\/06\/Francisco-Cezar-de-Luca-Pucci-thegem-person-80.png\" class=\"img-responsive wp-post-image\" alt=\"Francisco-Cezar-de-Luca-Pucci\" srcset=\"https:\/\/www.grandelojadoparana.org.br\/english\/wp-content\/uploads\/2021\/06\/Francisco-Cezar-de-Luca-Pucci.png 2x\" sizes=\"100vw\" \/><\/div><\/div> <div class=\"team-person-box-right\"> <div class=\"team-person-info\"> <div class=\"team-person-name styled-subtitle\" >Francisco Cezar de Luca Pucci<\/div> <div class=\"team-person-position date-color\" >Grand Librariam<\/div> <\/div> <\/div> <\/div> <\/div><\/div>\n<\/div> <div class=\"col-sm-6 col-xs-12 inline-column\"> <div id=\"post-27291\" class=\"team-person default-background post-27291 thegem_team_person type-thegem_team_person status-publish has-post-thumbnail\" style=\" \"><div class=\"team-person-hover\"> <div class=\"team-person-box clearfix\"> <div class=\"team-person-box-left\"><div class=\"team-person-image\"><img decoding=\"async\" width=\"80\" height=\"80\" src=\"https:\/\/www.grandelojadoparana.org.br\/english\/wp-content\/uploads\/2021\/06\/Luiz-Antonio-Bronislawski--thegem-person-80.png\" class=\"img-responsive wp-post-image\" alt=\"Luiz-Antonio-Bronislawski-\" srcset=\"https:\/\/www.grandelojadoparana.org.br\/english\/wp-content\/uploads\/2021\/06\/Luiz-Antonio-Bronislawski-.png 2x\" sizes=\"100vw\" \/><\/div><\/div> <div class=\"team-person-box-right\"> <div class=\"team-person-info\"> <div class=\"team-person-name styled-subtitle\" >Luiz Antonio Bronislawski<\/div> <div class=\"team-person-position date-color\" >Grand Organist<\/div> <\/div> <\/div> <\/div> <\/div><\/div>\n<\/div> <div class=\"col-sm-6 col-xs-12 inline-column\"> <div id=\"post-27293\" class=\"team-person default-background post-27293 thegem_team_person type-thegem_team_person status-publish has-post-thumbnail\" style=\" \"><div class=\"team-person-hover\"> <div class=\"team-person-box clearfix\"> <div class=\"team-person-box-left\"><div class=\"team-person-image\"><img decoding=\"async\" width=\"80\" height=\"80\" src=\"https:\/\/www.grandelojadoparana.org.br\/english\/wp-content\/uploads\/2021\/06\/Aroldo-Bittencourt-Franco-Junior-thegem-person-80.png\" class=\"img-responsive wp-post-image\" alt=\"Aroldo-Bittencourt-Franco-Junior\" srcset=\"https:\/\/www.grandelojadoparana.org.br\/english\/wp-content\/uploads\/2021\/06\/Aroldo-Bittencourt-Franco-Junior.png 2x\" sizes=\"100vw\" \/><\/div><\/div> <div class=\"team-person-box-right\"> <div class=\"team-person-info\"> <div class=\"team-person-name styled-subtitle\" >Aroldo Bittencourt Franco Junior<\/div> <div class=\"team-person-position date-color\" >Grand Steward<\/div> <\/div> <\/div> <\/div> <\/div><\/div>\n<\/div> <div class=\"col-sm-6 col-xs-12 inline-column\"> <div id=\"post-27295\" class=\"team-person default-background post-27295 thegem_team_person type-thegem_team_person status-publish has-post-thumbnail\" style=\" \"><div class=\"team-person-hover\"> <div class=\"team-person-box clearfix\"> <div class=\"team-person-box-left\"><div class=\"team-person-image\"><img decoding=\"async\" width=\"80\" height=\"80\" src=\"https:\/\/www.grandelojadoparana.org.br\/english\/wp-content\/uploads\/2021\/06\/Isaac-Lawder--thegem-person-80.png\" class=\"img-responsive wp-post-image\" alt=\"Isaac-Lawder-\" srcset=\"https:\/\/www.grandelojadoparana.org.br\/english\/wp-content\/uploads\/2021\/06\/Isaac-Lawder-.png 2x\" sizes=\"100vw\" \/><\/div><\/div> <div class=\"team-person-box-right\"> <div class=\"team-person-info\"> <div class=\"team-person-name styled-subtitle\" >Isaac Lawder<\/div> <div class=\"team-person-position date-color\" >Grand Inner Guard<\/div> <\/div> <\/div> <\/div> <\/div><\/div>\n<\/div> <div class=\"col-sm-6 col-xs-12 inline-column\"> <div id=\"post-27297\" class=\"team-person default-background post-27297 thegem_team_person type-thegem_team_person status-publish has-post-thumbnail\" style=\" \"><div class=\"team-person-hover\"> <div class=\"team-person-box clearfix\"> <div class=\"team-person-box-left\"><div class=\"team-person-image\"><img decoding=\"async\" width=\"80\" height=\"80\" src=\"https:\/\/www.grandelojadoparana.org.br\/english\/wp-content\/uploads\/2021\/06\/Wellyson-de-Oliveira--thegem-person-80.png\" class=\"img-responsive wp-post-image\" alt=\"Wellyson-de-Oliveira-\" srcset=\"https:\/\/www.grandelojadoparana.org.br\/english\/wp-content\/uploads\/2021\/06\/Wellyson-de-Oliveira-.png 2x\" sizes=\"100vw\" \/><\/div><\/div> <div class=\"team-person-box-right\"> <div class=\"team-person-info\"> <div class=\"team-person-name styled-subtitle\" >Wellyson de Oliveira<\/div> <div class=\"team-person-position date-color\" >Grand Tyler<\/div> <\/div> <\/div> <\/div> <\/div><\/div>\n<\/div>\n<\/div><div class=\"clearboth\"><\/div><div class=\"gem-divider \" style=\"margin-top: 30px;\"><\/div>[\/vc_column][\/vc_row][vc_row disable_element=&#8221;yes&#8221;][vc_column][vc_column_text css_animation=&#8221;bottom-to-top&#8221;]<\/p>\n<div class=\"title-h1 title-h5\" style=\"text-align: center; margin-bottom: 27px;\"><span class=\"light\">know more about Freemasonry<\/span><\/div>\n<p>[\/vc_column_text]<div class=\"gem-button-container gem-button-position-center\"><a title=\"A Ma\u00e7onaria\" class=\"gem-button gem-button-size-medium gem-button-style-outline gem-button-text-weight-normal gem-button-border-2\" style=\"border-radius: 3px;border-color: #2f2c7e;color: #2f2c7e;\" onmouseleave=\"this.style.borderColor='#2f2c7e';this.style.backgroundColor='transparent';this.style.color='#2f2c7e';\" onmouseenter=\"this.style.borderColor='#2f2c7e';this.style.backgroundColor='#2f2c7e';this.style.color='#ffffff';\" href=\"http:\/\/www.grandelojadoparana.org.br\/a_maconaria\/\" target=\"_self\">KNOW MORE!<\/a><\/div> <div class=\"clearboth\"><\/div><div class=\"gem-divider \" style=\"margin-top: 40px;\"><\/div>[\/vc_column][\/vc_row]<\/p>\n","protected":false},"excerpt":{"rendered":"<p>[vc_row][vc_column][vc_column_text css_animation=&#8221;bottom-to-top&#8221;] meet here the [\/vc_column_text][vc_column_text css_animation=&#8221;bottom-to-top&#8221;] glp administration [\/vc_column_text][\/vc_column][\/vc_row][vc_row][vc_column][vc_column_text css_animation=&#8221;bottom-to-top&#8221;] meet our [\/vc_column_text][vc_column_text css_animation=&#8221;bottom-to-top&#8221;] liturgical team [\/vc_column_text][\/vc_column][\/vc_row][vc_row disable_element=&#8221;yes&#8221;][vc_column][vc_column_text css_animation=&#8221;bottom-to-top&#8221;]&#8230;<\/p>\n","protected":false},"author":1,"featured_media":0,"parent":0,"menu_order":0,"comment_status":"closed","ping_status":"closed","template":"","meta":{"footnotes":""},"class_list":["post-27100","page","type-page","status-publish"],"_links":{"self":[{"href":"https:\/\/www.grandelojadoparana.org.br\/english\/wp-json\/wp\/v2\/pages\/27100","targetHints":{"allow":["GET"]}}],"collection":[{"href":"https:\/\/www.grandelojadoparana.org.br\/english\/wp-json\/wp\/v2\/pages"}],"about":[{"href":"https:\/\/www.grandelojadoparana.org.br\/english\/wp-json\/wp\/v2\/types\/page"}],"author":[{"embeddable":true,"href":"https:\/\/www.grandelojadoparana.org.br\/english\/wp-json\/wp\/v2\/users\/1"}],"replies":[{"embeddable":true,"href":"https:\/\/www.grandelojadoparana.org.br\/english\/wp-json\/wp\/v2\/comments?post=27100"}],"version-history":[{"count":6,"href":"https:\/\/www.grandelojadoparana.org.br\/english\/wp-json\/wp\/v2\/pages\/27100\/revisions"}],"predecessor-version":[{"id":27325,"href":"https:\/\/www.grandelojadoparana.org.br\/english\/wp-json\/wp\/v2\/pages\/27100\/revisions\/27325"}],"wp:attachment":[{"href":"https:\/\/www.grandelojadoparana.org.br\/english\/wp-json\/wp\/v2\/media?parent=27100"}],"curies":[{"name":"wp","href":"https:\/\/api.w.org\/{rel}","templated":true}]}}